{"id":60482,"date":"2024-03-03T13:18:58","date_gmt":"2024-03-03T13:18:58","guid":{"rendered":"https:\/\/wewantgreen.pt\/staging\/?post_type=experiencia&#038;p=60482"},"modified":"2026-08-28T06:45:16","modified_gmt":"2026-08-28T06:45:16","slug":"sistelo-paisagem-cultural-tempo-habitado","status":"publish","type":"experiencia","link":"https:\/\/wewantgreen.pt\/fr\/experiencias\/sistelo-paisagem-cultural-tempo-habitado\/","title":{"rendered":"Sistelo \u2014 Caminhar ao Ritmo da Paisagem [Reservar]"},"content":{"rendered":"<p>[et_pb_section bb_built=&#8221;1&#8243; theme_builder_area=&#8221;post_content&#8221; _builder_version=&#8221;4.27.4&#8243; _module_preset=&#8221;default&#8221;][\/et_pb_section]<\/p>\n","protected":false},"featured_media":60946,"parent":0,"template":"","meta":{"_acf_changed":false,"_et_pb_use_builder":"on","_et_pb_old_content":"<!-- wp:paragraph {\"align\":\"left\"} -->\r\n<p class=\"has-text-align-left\">4 Percursos Guiados<\/p>\r\n<!-- \/wp:paragraph -->","_et_gb_content_width":""},"categoria-experiencia":[44],"class_list":["post-60482","experiencia","type-experiencia","status-publish","has-post-thumbnail","hentry","categoria-experiencia-natureza_presenca"],"acf":{"descricao_da_experiencia":"<hr \/>\r\n\r\n<h4 data-start=\"655\" data-end=\"688\"><span style=\"color: #000000;\"><strong>A paisagem como gesto humano<\/strong><\/span><\/h4>\r\n<blockquote>\r\n<p data-start=\"424\" data-end=\"582\"><span style=\"color: #000000;\"><strong>Nos socalcos da montanha, cada gesto humano deixou marca. Em Sistelo, a paisagem construiu-se lentamente, refletindo s\u00e9culos de coopera\u00e7\u00e3o e vida comunit\u00e1ria.<\/strong><\/span><\/p>\r\n<\/blockquote>\r\n<p data-start=\"181\" data-end=\"307\"><span style=\"color: #000000;\">Uma caminhada por Sistelo, onde terra, \u00e1gua e presen\u00e7a humana se entrela\u00e7am numa paisagem constru\u00edda ao longo de gera\u00e7\u00f5es.<\/span><\/p>\r\n<p data-start=\"312\" data-end=\"474\"><span style=\"color: #000000;\">Entre socalcos, muros, caminhos e a aldeia, caminhamos devagar para observar, interpretar e compreender uma forma de habitar profundamente enraizada no tempo.<\/span><\/p>\r\n\r\n<h3><img class=\"alignnone size-large wp-image-62664\" src=\"https:\/\/wewantgreen.pt\/wp-content\/uploads\/2025\/03\/IMG_4131-1024x576.jpeg\" alt=\"\" width=\"1024\" height=\"576\" \/><\/h3>\r\n\r\n<hr \/>\r\n\r\n<h3><span style=\"color: #208203;\"><strong>Caminhar. Observar. Permanecer<\/strong><\/span><\/h3>\r\n<blockquote>\r\n<h4><strong>A paisagem n\u00e3o se revela da mesma forma a todos<\/strong><\/h4>\r\n<\/blockquote>\r\n<ul>\r\n \t<li class=\"isSelectedEnd\"><span style=\"color: #000000;\">As experi\u00eancias que propomos s\u00e3o apenas algumas possibilidades.<\/span><\/li>\r\n \t<li class=\"isSelectedEnd\"><span style=\"color: #000000;\">Se procura outra forma de descobrir o territ\u00f3rio, partilhe connosco os seus interesses e encontraremos consigo uma proposta \u00e0 medida do seu ritmo:\u00a0<\/span><span style=\"color: #208203;\"><strong><a style=\"color: #208203;\" href=\"mailto:geral@wewantgreen.pt\">geral@wewantgreen.pt<\/a><\/strong><\/span><\/li>\r\n<\/ul>\r\n<p class=\"p1\"><span style=\"color: #000000;\"><strong><span class=\"s1\"><span style=\"color: #c4e009;\">\ud83c\udf43<\/span><\/span><\/strong><\/span><span style=\"color: #000000;\"><strong>Em breve, o Int\u00e9rprete WWG permitir\u00e1 descobrir o territ\u00f3rio de forma ainda mais personalizada.<\/strong><\/span><\/p>","detalhes_da_experiencia":"<hr \/>\r\n\r\n<blockquote><strong><span style=\"color: #99cc00;\"><span style=\"color: #27cc02;\">VIS\u00c3O GERAL<\/span><\/span><\/strong><\/blockquote>\r\n<strong><span style=\"color: #c4e009;\">\ud83c\udf3f DURA\u00c7\u00c3O:<\/span> <\/strong>Dia inteiro, vivido a um ritmo atento e envolvente<strong>\r\n<\/strong><strong><span style=\"color: #c4e009;\">\u00a0\ud83c\udf43CONTEXTO:<\/span> <\/strong>Sistelo, Alto Minho \u2014 aldeia e territ\u00f3rio classificados como Paisagem Cultural e Monumento Nacional\r\n<strong><span style=\"color: #c4e009;\">\ud83c\udf3f FOCO:<\/span> <\/strong>Leitura profunda da paisagem, hist\u00f3ria, pr\u00e1ticas agr\u00edcolas ancestrais e modos de habitar o territ\u00f3rio<strong>\r\n<span style=\"color: #c4e009;\">\ud83c\udf43TIPO DE EXPERI\u00caNCIA:<\/span> <\/strong>Caminhada sensorial, interpretativa e relacional, de leitura da paisagem cultural e presen\u00e7a humana<strong>\r\n<span style=\"color: #c4e009;\">\ud83c\udf3f TAMANHO DO GRUPO:<\/span><\/strong>M\u00ednimo de 2 participantes.<strong>\r\n<span style=\"color: #c4e009;\">\ud83c\udf43PONTO DE ENCONTRO:<\/span><\/strong>\u00a0Sistelo<strong>\r\n<\/strong><strong><span style=\"color: #c4e009;\">\ud83c\udf3f N\u00cdVEL F\u00cdSICO: <\/span><\/strong>Moderado \u2014 terreno de encosta e montanha, com subidas e descidas, ritmos ajustados ao grupo<strong>\r\n<\/strong>\r\n\r\n<hr \/>\r\n\r\n<blockquote><strong><span style=\"color: #27cc02;\">PERCURSO E EXPERI\u00caNCIA<\/span><\/strong><\/blockquote>\r\n<strong>\u25cf <\/strong>Caminhada por trilhos e caminhos que revelam o gesto humano na forma\u00e7\u00e3o da paisagem<br data-start=\"1470\" data-end=\"1473\" \/>\u25cf Pausas para escutar o sil\u00eancio, ler a topografia e reconhecer as marcas do tempo\r\n\u25cf Contacto com hist\u00f3rias e mem\u00f3rias locais, entendendo o territ\u00f3rio como um corpo vivo\r\n\u25cf Visita mediada ao <span class=\"hover:entity-accent entity-underline inline cursor-pointer align-baseline\"><span class=\"whitespace-normal\">Centro Interpretativo da Paisagem Cultural de Sistelo<\/span><\/span>\r\n\u25cf Indicada para quem procura uma experi\u00eancia que ultrapassa a observa\u00e7\u00e3o \u2014 um convite a coexistir com o lugar","detalhes_da_experiencia_II":"<hr \/>\r\n\r\n<blockquote><span style=\"color: #99cc00;\"><strong><span style=\"color: #27cc02;\">PRE\u00c7O<\/span><\/strong><\/span><\/blockquote>\r\n\u25cf <strong>120 \u20ac por pessoa, para 2 participantes<\/strong>\r\n\u2014 Para grupos maiores, o valor \u00e9 ajustado em fun\u00e7\u00e3o do n\u00famero de participantes.\r\n\r\n<hr \/>\r\n\r\n<blockquote><strong><span style=\"color: #27cc02;\">O QUE \u00a0EST\u00c1 INCLU\u00cdDO<\/span><\/strong><\/blockquote>\r\n<strong>\u25cf <\/strong>Acompanhamento e media\u00e7\u00e3o do territ\u00f3rio<br data-start=\"1348\" data-end=\"1351\" \/>\u25cf Visita de descoberta da aldeia de Sistelo, com enquadramento hist\u00f3rico e cultural<br data-start=\"1434\" data-end=\"1437\" \/>\u25cf Visita ao centro interpretativo da paisagem<br data-start=\"1497\" data-end=\"1500\" \/>\u25cf Almo\u00e7o<br data-start=\"1508\" data-end=\"1511\" \/>\u25cf Seguros de responsabilidade civil e acidentes pessoais<br data-start=\"1567\" data-end=\"1570\" \/>\u25cf IVA\r\n\r\n<hr \/>\r\n\r\n<blockquote><span style=\"color: #27cc02;\"><strong>ANTES DE PARTICIPAR<\/strong><\/span><\/blockquote>\r\n<strong>\u25cf <\/strong>A experi\u00eancia decorre em contexto de encosta e montanha, ao longo de percursos com extens\u00e3o aproximada entre 7 e 9 km<br data-start=\"542\" data-end=\"545\" \/>\u25cf Os percursos apresentam um n\u00edvel de dificuldade m\u00e9dia, com desn\u00edveis e alguns momentos mais exigentes, pr\u00f3prios do relevo de encosta<br data-start=\"680\" data-end=\"683\" \/>\u25cf O ritmo \u00e9 tranquilo e acompanhado, privilegiando a observa\u00e7\u00e3o, a escuta e o tempo de rela\u00e7\u00e3o com a paisagem<br data-start=\"793\" data-end=\"796\" \/>\u25cf Recomenda-se cal\u00e7ado e vestu\u00e1rio adequados a terreno irregular e \u00e0s condi\u00e7\u00f5es climat\u00e9ricas da montanha\r\n\r\n\ud83e\udd7e\ud83c\udf3f\ud83c\udfe1\u26f0\ufe0f\ud83c\udf32","mapa_experiencia":{"address":"Sistelo","lat":41.9727969,"lng":-8.374475799999999,"zoom":22,"place_id":"ChIJa6291aFzJQ0RwnfSbi81iQI","city":"Sistelo","state":"Viana do Castelo","post_code":4970,"country":"Portugal","country_short":"PT"},"pdf_experiencia":"","preco_experiencia":"","galeria_experiencia":[83,61707,61023,60944,63788,62176,62163,61894],"video_experiencia":""},"yoast_head":"<!-- This site is optimized with the Yoast SEO plugin v28.4 - https:\/\/yoast.com\/product\/yoast-seo-wordpress\/ -->\n<title>Sistelo \u2014 Caminhar ao Ritmo da Paisagem [Reservar] | We Want Green<\/title>\n<meta name=\"robots\" content=\"index, follow, max-snippet:-1, max-image-preview:large, max-video-preview:-1\" \/>\n<link rel=\"canonical\" href=\"https:\/\/wewantgreen.pt\/fr\/experiencias\/sistelo-paisagem-cultural-tempo-habitado\/\" \/>\n<meta property=\"og:locale\" content=\"fr_FR\" \/>\n<meta property=\"og:type\" content=\"article\" \/>\n<meta property=\"og:title\" content=\"Sistelo \u2014 Caminhar ao Ritmo da Paisagem [Reservar] | We Want Green\" \/>\n<meta property=\"og:url\" content=\"https:\/\/wewantgreen.pt\/fr\/experiencias\/sistelo-paisagem-cultural-tempo-habitado\/\" \/>\n<meta property=\"og:site_name\" content=\"We Want Green\" \/>\n<meta property=\"article:publisher\" content=\"https:\/\/www.facebook.com\/wewantgreen1\" \/>\n<meta property=\"article:modified_time\" content=\"2026-08-28T06:45:16+00:00\" \/>\n<meta property=\"og:image\" content=\"https:\/\/wewantgreen.pt\/wp-content\/uploads\/2024\/03\/IMG_2626.jpeg\" \/>\n\t<meta property=\"og:image:width\" content=\"1438\" \/>\n\t<meta property=\"og:image:height\" content=\"809\" \/>\n\t<meta property=\"og:image:type\" content=\"image\/jpeg\" \/>\n<meta name=\"twitter:card\" content=\"summary_large_image\" \/>\n<meta name=\"twitter:label1\" content=\"Dur\u00e9e de lecture estim\u00e9e\" \/>\n\t<meta name=\"twitter:data1\" content=\"1 minute\" \/>\n<script type=\"application\/ld+json\" class=\"yoast-schema-graph\">{\"@context\":\"https:\\\/\\\/schema.org\",\"@graph\":[{\"@type\":\"WebPage\",\"@id\":\"https:\\\/\\\/wewantgreen.pt\\\/experiencias\\\/sistelo-paisagem-cultural-tempo-habitado\\\/\",\"url\":\"https:\\\/\\\/wewantgreen.pt\\\/experiencias\\\/sistelo-paisagem-cultural-tempo-habitado\\\/\",\"name\":\"Sistelo \u2014 Caminhar ao Ritmo da Paisagem [Reservar] | We Want Green\",\"isPartOf\":{\"@id\":\"https:\\\/\\\/wewantgreen.pt\\\/#website\"},\"primaryImageOfPage\":{\"@id\":\"https:\\\/\\\/wewantgreen.pt\\\/experiencias\\\/sistelo-paisagem-cultural-tempo-habitado\\\/#primaryimage\"},\"image\":{\"@id\":\"https:\\\/\\\/wewantgreen.pt\\\/experiencias\\\/sistelo-paisagem-cultural-tempo-habitado\\\/#primaryimage\"},\"thumbnailUrl\":\"https:\\\/\\\/wewantgreen.pt\\\/wp-content\\\/uploads\\\/2024\\\/03\\\/IMG_2626.jpeg\",\"datePublished\":\"2024-03-03T13:18:58+00:00\",\"dateModified\":\"2026-08-28T06:45:16+00:00\",\"breadcrumb\":{\"@id\":\"https:\\\/\\\/wewantgreen.pt\\\/experiencias\\\/sistelo-paisagem-cultural-tempo-habitado\\\/#breadcrumb\"},\"inLanguage\":\"fr-FR\",\"potentialAction\":[{\"@type\":\"ReadAction\",\"target\":[\"https:\\\/\\\/wewantgreen.pt\\\/experiencias\\\/sistelo-paisagem-cultural-tempo-habitado\\\/\"]}]},{\"@type\":\"ImageObject\",\"inLanguage\":\"fr-FR\",\"@id\":\"https:\\\/\\\/wewantgreen.pt\\\/experiencias\\\/sistelo-paisagem-cultural-tempo-habitado\\\/#primaryimage\",\"url\":\"https:\\\/\\\/wewantgreen.pt\\\/wp-content\\\/uploads\\\/2024\\\/03\\\/IMG_2626.jpeg\",\"contentUrl\":\"https:\\\/\\\/wewantgreen.pt\\\/wp-content\\\/uploads\\\/2024\\\/03\\\/IMG_2626.jpeg\",\"width\":1438,\"height\":809},{\"@type\":\"BreadcrumbList\",\"@id\":\"https:\\\/\\\/wewantgreen.pt\\\/experiencias\\\/sistelo-paisagem-cultural-tempo-habitado\\\/#breadcrumb\",\"itemListElement\":[{\"@type\":\"ListItem\",\"position\":1,\"name\":\"Home\",\"item\":\"https:\\\/\\\/wewantgreen.pt\\\/\"},{\"@type\":\"ListItem\",\"position\":2,\"name\":\"Experi\u00eancias\",\"item\":\"https:\\\/\\\/wewantgreen.pt\\\/experiencias\\\/\"},{\"@type\":\"ListItem\",\"position\":3,\"name\":\"Sistelo \u2014 Caminhar ao Ritmo da Paisagem [Reservar]\"}]},{\"@type\":\"WebSite\",\"@id\":\"https:\\\/\\\/wewantgreen.pt\\\/#website\",\"url\":\"https:\\\/\\\/wewantgreen.pt\\\/\",\"name\":\"We Want Green\",\"description\":\"We Want Green \u00e9 desacelera\u00e7\u00e3o do movimento, \u00e9 promo\u00e7\u00e3o da viagem em passo lento.\",\"publisher\":{\"@id\":\"https:\\\/\\\/wewantgreen.pt\\\/#organization\"},\"alternateName\":\"WWG - Be a Transformative Mind\",\"potentialAction\":[{\"@type\":\"SearchAction\",\"target\":{\"@type\":\"EntryPoint\",\"urlTemplate\":\"https:\\\/\\\/wewantgreen.pt\\\/?s={search_term_string}\"},\"query-input\":{\"@type\":\"PropertyValueSpecification\",\"valueRequired\":true,\"valueName\":\"search_term_string\"}}],\"inLanguage\":\"fr-FR\"},{\"@type\":\"Organization\",\"@id\":\"https:\\\/\\\/wewantgreen.pt\\\/#organization\",\"name\":\"We Want Green - Be a Transformative Mind\",\"url\":\"https:\\\/\\\/wewantgreen.pt\\\/\",\"logo\":{\"@type\":\"ImageObject\",\"inLanguage\":\"fr-FR\",\"@id\":\"https:\\\/\\\/wewantgreen.pt\\\/#\\\/schema\\\/logo\\\/image\\\/\",\"url\":\"https:\\\/\\\/wewantgreen.pt\\\/wp-content\\\/uploads\\\/2025\\\/01\\\/logo_www_2025_1.png\",\"contentUrl\":\"https:\\\/\\\/wewantgreen.pt\\\/wp-content\\\/uploads\\\/2025\\\/01\\\/logo_www_2025_1.png\",\"width\":850,\"height\":400,\"caption\":\"We Want Green - Be a Transformative Mind\"},\"image\":{\"@id\":\"https:\\\/\\\/wewantgreen.pt\\\/#\\\/schema\\\/logo\\\/image\\\/\"},\"sameAs\":[\"https:\\\/\\\/www.facebook.com\\\/wewantgreen1\",\"https:\\\/\\\/www.instagram.com\\\/wewantgreen1\\\/\"]}]}<\/script>\n<!-- \/ Yoast SEO plugin. -->","yoast_head_json":{"title":"Sistelo \u2014 Caminhar ao Ritmo da Paisagem [Reservar] | We Want Green","robots":{"index":"index","follow":"follow","max-snippet":"max-snippet:-1","max-image-preview":"max-image-preview:large","max-video-preview":"max-video-preview:-1"},"canonical":"https:\/\/wewantgreen.pt\/fr\/experiencias\/sistelo-paisagem-cultural-tempo-habitado\/","og_locale":"fr_FR","og_type":"article","og_title":"Sistelo \u2014 Caminhar ao Ritmo da Paisagem [Reservar] | We Want Green","og_url":"https:\/\/wewantgreen.pt\/fr\/experiencias\/sistelo-paisagem-cultural-tempo-habitado\/","og_site_name":"We Want Green","article_publisher":"https:\/\/www.facebook.com\/wewantgreen1","article_modified_time":"2026-08-28T06:45:16+00:00","og_image":[{"width":1438,"height":809,"url":"https:\/\/wewantgreen.pt\/wp-content\/uploads\/2024\/03\/IMG_2626.jpeg","type":"image\/jpeg"}],"twitter_card":"summary_large_image","twitter_misc":{"Dur\u00e9e de lecture estim\u00e9e":"1 minute"},"schema":{"@context":"https:\/\/schema.org","@graph":[{"@type":"WebPage","@id":"https:\/\/wewantgreen.pt\/experiencias\/sistelo-paisagem-cultural-tempo-habitado\/","url":"https:\/\/wewantgreen.pt\/experiencias\/sistelo-paisagem-cultural-tempo-habitado\/","name":"Sistelo \u2014 Caminhar ao Ritmo da Paisagem [Reservar] | We Want Green","isPartOf":{"@id":"https:\/\/wewantgreen.pt\/#website"},"primaryImageOfPage":{"@id":"https:\/\/wewantgreen.pt\/experiencias\/sistelo-paisagem-cultural-tempo-habitado\/#primaryimage"},"image":{"@id":"https:\/\/wewantgreen.pt\/experiencias\/sistelo-paisagem-cultural-tempo-habitado\/#primaryimage"},"thumbnailUrl":"https:\/\/wewantgreen.pt\/wp-content\/uploads\/2024\/03\/IMG_2626.jpeg","datePublished":"2024-03-03T13:18:58+00:00","dateModified":"2026-08-28T06:45:16+00:00","breadcrumb":{"@id":"https:\/\/wewantgreen.pt\/experiencias\/sistelo-paisagem-cultural-tempo-habitado\/#breadcrumb"},"inLanguage":"fr-FR","potentialAction":[{"@type":"ReadAction","target":["https:\/\/wewantgreen.pt\/experiencias\/sistelo-paisagem-cultural-tempo-habitado\/"]}]},{"@type":"ImageObject","inLanguage":"fr-FR","@id":"https:\/\/wewantgreen.pt\/experiencias\/sistelo-paisagem-cultural-tempo-habitado\/#primaryimage","url":"https:\/\/wewantgreen.pt\/wp-content\/uploads\/2024\/03\/IMG_2626.jpeg","contentUrl":"https:\/\/wewantgreen.pt\/wp-content\/uploads\/2024\/03\/IMG_2626.jpeg","width":1438,"height":809},{"@type":"BreadcrumbList","@id":"https:\/\/wewantgreen.pt\/experiencias\/sistelo-paisagem-cultural-tempo-habitado\/#breadcrumb","itemListElement":[{"@type":"ListItem","position":1,"name":"Home","item":"https:\/\/wewantgreen.pt\/"},{"@type":"ListItem","position":2,"name":"Experi\u00eancias","item":"https:\/\/wewantgreen.pt\/experiencias\/"},{"@type":"ListItem","position":3,"name":"Sistelo \u2014 Caminhar ao Ritmo da Paisagem [Reservar]"}]},{"@type":"WebSite","@id":"https:\/\/wewantgreen.pt\/#website","url":"https:\/\/wewantgreen.pt\/","name":"We Want Green","description":"We Want Green parle de ralentir le mouvement, de voyager \u00e0 un rythme lent.","publisher":{"@id":"https:\/\/wewantgreen.pt\/#organization"},"alternateName":"WWG - Be a Transformative Mind","potentialAction":[{"@type":"SearchAction","target":{"@type":"EntryPoint","urlTemplate":"https:\/\/wewantgreen.pt\/?s={search_term_string}"},"query-input":{"@type":"PropertyValueSpecification","valueRequired":true,"valueName":"search_term_string"}}],"inLanguage":"fr-FR"},{"@type":"Organization","@id":"https:\/\/wewantgreen.pt\/#organization","name":"Nous voulons du vert - Sois un esprit transformateur","url":"https:\/\/wewantgreen.pt\/","logo":{"@type":"ImageObject","inLanguage":"fr-FR","@id":"https:\/\/wewantgreen.pt\/#\/schema\/logo\/image\/","url":"https:\/\/wewantgreen.pt\/wp-content\/uploads\/2025\/01\/logo_www_2025_1.png","contentUrl":"https:\/\/wewantgreen.pt\/wp-content\/uploads\/2025\/01\/logo_www_2025_1.png","width":850,"height":400,"caption":"We Want Green - Be a Transformative Mind"},"image":{"@id":"https:\/\/wewantgreen.pt\/#\/schema\/logo\/image\/"},"sameAs":["https:\/\/www.facebook.com\/wewantgreen1","https:\/\/www.instagram.com\/wewantgreen1\/"]}]}},"_links":{"self":[{"href":"https:\/\/wewantgreen.pt\/fr\/wp-json\/wp\/v2\/experiencia\/60482","targetHints":{"allow":["GET"]}}],"collection":[{"href":"https:\/\/wewantgreen.pt\/fr\/wp-json\/wp\/v2\/experiencia"}],"about":[{"href":"https:\/\/wewantgreen.pt\/fr\/wp-json\/wp\/v2\/types\/experiencia"}],"acf:attachment":[{"embeddable":true,"href":"https:\/\/wewantgreen.pt\/fr\/wp-json\/wp\/v2\/media\/61894"},{"embeddable":true,"href":"https:\/\/wewantgreen.pt\/fr\/wp-json\/wp\/v2\/media\/62163"},{"embeddable":true,"href":"https:\/\/wewantgreen.pt\/fr\/wp-json\/wp\/v2\/media\/62176"},{"embeddable":true,"href":"https:\/\/wewantgreen.pt\/fr\/wp-json\/wp\/v2\/media\/63788"},{"embeddable":true,"href":"https:\/\/wewantgreen.pt\/fr\/wp-json\/wp\/v2\/media\/60944"},{"embeddable":true,"href":"https:\/\/wewantgreen.pt\/fr\/wp-json\/wp\/v2\/media\/61023"},{"embeddable":true,"href":"https:\/\/wewantgreen.pt\/fr\/wp-json\/wp\/v2\/media\/61707"},{"embeddable":true,"href":"https:\/\/wewantgreen.pt\/fr\/wp-json\/wp\/v2\/media\/83"}],"wp:featuredmedia":[{"embeddable":true,"href":"https:\/\/wewantgreen.pt\/fr\/wp-json\/wp\/v2\/media\/60946"}],"wp:attachment":[{"href":"https:\/\/wewantgreen.pt\/fr\/wp-json\/wp\/v2\/media?parent=60482"}],"wp:term":[{"taxonomy":"categoria-experiencia","embeddable":true,"href":"https:\/\/wewantgreen.pt\/fr\/wp-json\/wp\/v2\/categoria-experiencia?post=60482"}],"curies":[{"name":"wp","href":"https:\/\/api.w.org\/{rel}","templated":true}]}}